{"version":"1.0","provider_name":"egy picit m\u00e1s, jobban TE","provider_url":"https:\/\/oravecznora.cafeblog.hu","author_name":"Oravecz N\u00f3ra","author_url":"https:\/\/oravecznora.cafeblog.hu\/author\/oravecz_nor\/","title":"aloha!","html":"<img class=\" wp-image-56 alignright\" alt=\"428718_3044179600811_1188305299_n\" src=\"https:\/\/oravecznora.cafeblog.hu\/files\/2013\/06\/428718_3044179600811_1188305299_n-229x300.jpg\" width=\"206\" height=\"270\" \/>\r\n\r\nOravecz N\u00f3ra vagyok, blogger. Elint\u00e9zhetn\u00e9m ennyivel is, de ez ma m\u00e1r j\u00f3val t\u00f6bb. Szerelem,\u00a0\u00a0szenved\u00e9ly, boldogs\u00e1g. T\u00f6bb, mint 5 \u00e9vvel ezel\u0151tt, amikor felfigyeltem egy hirdet\u00e9sre, amiben szerkeszt\u0151ket kerestek m\u00e9g nem is gondoltam volna, hogy az igazi \u00e9letem azzal a pillanattal indul el. Az \u00edr\u00e1s megv\u00e1ltoztatott, tudatoss\u00e1 tett, \u00e9s olyan \u00e9letet kaptam t\u0151le, amire \u00e1lmaimban sem mertem volna v\u00e1gyni.\r\n\r\nJogosan nem gondoltam, hiszen hossz\u00fa \u00e9veken \u00e1t minim\u00e1lis visszajelz\u00e9s \u00e9rkezett. H\u00e1rom teljes \u00e9v ut\u00e1n m\u00e1r bosszantott, hogy semmi sem t\u00f6rt\u00e9nik. Amikor \u00e9rzed, hogy van benned valami, ki is rakod, de m\u00e9g nem \u00e9rett meg annyira, hogy t\u00f6megeket \u00e9rjen el... Na, enn\u00e9l rosszabb \u00e9rz\u00e9s nincs. De minden \u00e1ldott nap tudtam, hogy csak \u00edrnom kell, ak\u00e1rmennyire is f\u00e1radt vagyok, mert ez fog elvezetni oda, ahol a helyem van. Sohasem tudtam, hogy mi a c\u00e9l, \u00e9n csak \u00edrtam, mert \u00e9reztem, hogy kell.\r\n\r\nVagyis tudtam. M\u00e1r n\u00e9gy \u00e9ve, ahogy felker\u00fcltem Budapestre (akkor 20 \u00e9vesen) kezdtem el online marketing ter\u00fcleten tev\u00e9kenykedni. Az\u00f3ta is ezen a t\u00e9ren dolgozom. A munk\u00e1mnak k\u00f6sz\u00f6nhet\u0151en gyakran gugliztak le \u00e9s vett\u00e9k \u00e9szre a blogomat, \u00edgy voltak f\u0151szerkeszt\u0151k, akik k\u00f6z\u00f6lt\u00e9k, hogy jobb lenne, ha abbahagyn\u00e1m, mert egy\u00e9bk\u00e9nt sincs ig\u00e9ny arra, amit csin\u00e1lok. Nem \u00e9rdekelt, folytattam.\r\n\r\nAzt\u00e1n 2011. nyar\u00e1n fel akartam adni. Akkor m\u00e1r nagyon elegem volt, hogy semmi sem t\u00f6rt\u00e9nik. Meg\u00edrtam az utols\u00f3nak sz\u00e1nt bejegyz\u00e9semet, \u00e9s bumm! Elindult minden! 120 000 Olvas\u00f3 k\u00e9t nap alatt \u00e9s 16 000 megoszt\u00e1s a Facebookon. Sokkol\u00f3dtam. Akkor azt\u00e1n elk\u00e9sz\u00fclt a <a href=\"http:\/\/www.facebook.com\/oravecznora\">Facebook rajong\u00f3i oldalam<\/a>, majd elind\u00edtottam a <a href=\"http:\/\/www.fuszerespolc.wordpress.com\">F\u0171szerespolc <\/a>n\u00e9vre hallgat\u00f3 blogomat, \u00e1m eg\u00e9szen 2012. decemberig megragadtam egy szinten, b\u00e1r szerepeltem nagyobb port\u00e1lok f\u0151oldal\u00e1n, \u00fajs\u00e1gokban, valahogy nem t\u00f6rt\u00e9nt semmi. Akkor eld\u00f6nt\u00f6ttem, hogy elengedem azt a v\u00e1rakoz\u00e1st, ami nagyon er\u0151sen \u00e9lt bennem. Biztos voltam abban, hogy egyszer majd j\u00f6n az, amit \u00e9rzek, aminek j\u00f6nnie kell, \u00edgy r\u00e1hagyom az \u00c9letre, hadd csin\u00e1lja a dolg\u00e1t - \u0151 bizony csin\u00e1lta is.\r\n\r\nTavaly decemberben az Olvas\u00f3im elkezdt\u00e9k felt\u00f6lt\u00f6getni az egyik legnagyobb id\u00e9zetes port\u00e1lra a gondolataimat, \u0151k meg tett\u00e9k a dolgukat: az elm\u00falt hetek \u00e9s h\u00f3napok legolvasottabb bejegyz\u00e9seik\u00e9nt jelentek meg az oldalon. Az\u00f3ta m\u00e1r t\u00f6bb sz\u00e1z gondolatom van fent, \u00edgy egyre t\u00f6bben akadnak r\u00e1m, \u00edgy ma m\u00e1r majd 30 000 f\u0151s rajong\u00f3i t\u00e1borom k\u00f6vet napi szinten a Facebookon. <strong>Debreczeni Zita, Hajd\u00fa P\u00e9ter, Sarka Kata, B\u00edr\u00f3 Ica, Lola,<\/strong>\u00a0- csak p\u00e1r n\u00e9v azok k\u00f6z\u00fcl, akik gyakran osztj\u00e1k meg a gondolataimat, vagy \u00e9pp k\u00f6vetik a blogomat.\r\n\r\n<a href=\"https:\/\/oravecznora.cafeblog.hu\/files\/2013\/06\/95eb3420ced70012f60b26c5c911-post1.jpg\"><img class=\"size-medium wp-image-34 aligncenter\" alt=\"95eb3420ced70012f60b26c5c911-post\" src=\"https:\/\/oravecznora.cafeblog.hu\/files\/2013\/06\/95eb3420ced70012f60b26c5c911-post1-300x295.jpg\" width=\"300\" height=\"295\" \/><\/a>\r\n\r\nDecemberben m\u00e1r bloggerk\u00e9nt egy kamp\u00e1ny arcak\u00e9nt is szerepeltem Katus Attila mellett, majd indultam a Cafeblog bloggerina verseny\u00e9n, ahol a verseny id\u0151szaka alatt folyamatosan a lista 2. hely\u00e9n szerepeltem. Onnant\u00f3l azt\u00e1n j\u00f6ttek a sikerek. R\u00e1ad\u00e1sul ism\u00e9t az egyik legnevesebb port\u00e1l f\u0151oldal\u00e1n l\u00e1thattam viszont a nevemet, hiszen \u00e9n lettem az <strong>els\u0151<\/strong> <strong>magyar self-publishing szerz\u0151<\/strong>, aki a Bookline list\u00e1j\u00e1t vezette, amir\u0151l szakmai lapok tucatja cikkezett. Azt\u00e1n j\u00f6tt az \u00d6sszek\u00f6tve, a m\u00e1sodik k\u00f6nyvem. Hosszas \u00e9s kalandos \u00fatja ut\u00e1n v\u00e9g\u00fcl a<strong> Libri<\/strong> asztal\u00e1n landolt, akik azonnal <strong>k\u00e9t k\u00f6nyvre szerz\u0151dtek velem, <\/strong>augusztusban j\u00f6n az els\u0151 (\u00d6sszek\u00f6tve).\r\n\r\nCsak a Facebookon kb. 500 000-en k\u00f6vetnek egy h\u00e9ten, a Citatumon pedig ak\u00e1r m\u00e9g egyszer ennyien is olvashatj\u00e1k a gondolataimat an\u00e9lk\u00fcl, hogy tudn\u00e1k, hogy van ez m\u00e9g tov\u00e1bb is.\r\n\r\n&nbsp;\r\n\r\n&nbsp;","type":"rich"}